{"id":27509,"date":"2026-02-10T13:54:03","date_gmt":"2026-02-10T13:54:03","guid":{"rendered":"https:\/\/beurswand.nl\/product\/cadre-led-portable-150-x-200-cm\/"},"modified":"2026-02-10T13:54:03","modified_gmt":"2026-02-10T13:54:03","slug":"cadre-led-portable-150-x-200-cm","status":"publish","type":"product","link":"https:\/\/beurswand.nl\/fr\/product\/cadre-led-portable-150-x-200-cm\/","title":{"rendered":"Cadre LED portable - 150 x 200 cm"},"content":{"rendered":"<p class=\"p3\">Le cadre LED portable \u2013 150 \u00d7 200 cm est un cadre LED double face lumineux avec un profil en aluminium \u00e9l\u00e9gant de 14 cm d\u2019\u00e9paisseur. Avec une largeur de 150 cm et une hauteur de 200 cm, ce mod\u00e8le offre une surface de pr\u00e9sentation g\u00e9n\u00e9reuse pour les salons professionnels, les showrooms et les environnements professionnels. Gr\u00e2ce \u00e0 l\u2019\u00e9clairage des bords et aux imprim\u00e9s textiles SEG interchangeables, vous pouvez pr\u00e9senter votre marque de mani\u00e8re puissante, professionnelle et uniforme des deux c\u00f4t\u00e9s.  <\/p>\n<hr>\n<h3><b>Pourquoi choisir le cadre LED portable 150 \u00d7 200 cm ?<\/b><\/h3>\n<h4><b>Choisissez votre type de LED et votre configuration d\u2019\u00e9clairage<\/b><\/h4>\n<p class=\"p3\">Ce mod\u00e8le est disponible avec une LED standard ou une LED de puissance, selon l\u2019intensit\u00e9 lumineuse souhait\u00e9e. De plus, vous choisissez vous-m\u00eame la position de la lumi\u00e8re : gauche et droite, haut et bas ou tout autour sur quatre c\u00f4t\u00e9s. Cela vous permet d\u2019adapter parfaitement l\u2019\u00e9clairage \u00e0 votre application et \u00e0 votre emplacement.  <\/p>\n<h4><b>Imprim\u00e9s textiles double face et interchangeables<\/b><\/h4>\n<p class=\"p3\">Les estampes sont fabriqu\u00e9es sur des textiles de haute qualit\u00e9 et finies avec le syst\u00e8me Silicon Edge System (SEG), qui les serre dans le cadre. Gr\u00e2ce \u00e0 la technologie d\u2019impression par sublimation, vous pouvez profiter de d\u00e9tails d\u2019une nettet\u00e9 extr\u00eame et d\u2019une reproduction profonde des couleurs. Avec une nouvelle campagne, il suffit de remplacer les tirages sans remplacer le cadre.  <\/p>\n<h4><b>Modulaire et personnalisation possible<\/b><\/h4>\n<p class=\"p3\">En plus de la taille standard de 150 \u00d7 200 cm, la personnalisation est possible en hauteur et en largeur. Cela rend le syst\u00e8me adapt\u00e9 \u00e0 une vari\u00e9t\u00e9 d\u2019applications, allant des murs d\u2019affichage compacts aux grands arri\u00e8re-plans visuels. <\/p>\n<h4><b>Construction en aluminium robuste<\/b><\/h4>\n<p class=\"p3\">Le cadre est en aluminium durable et est mont\u00e9 \u00e0 l\u2019aide d\u2019une cl\u00e9 Allen. La construction solide et le profil de 14 cm garantissent stabilit\u00e9 et une apparence de haute qualit\u00e9 dans tout environnement professionnel. <\/p>\n<hr>\n<h3><b>Applications<\/b><\/h3>\n<p class=\"p3\">Le cadre LED portable de 150 \u00d7 200 cm est id\u00e9al comme mur d\u2019exposition, fond pour enceintes, pr\u00e9sentation en salle d\u2019exposition ou comme cloison visuelle au sein d\u2019un support. Gr\u00e2ce \u00e0 la conception double face, ce mod\u00e8le est particuli\u00e8rement adapt\u00e9 \u00e0 une installation autoportante dans des espaces ouverts. <\/p>\n<hr>\n<h3><b>Sp\u00e9cifications techniques<\/b><\/h3>\n<ul>\n<li class=\"p3\"><strong>Largeur :<\/strong> 150 cm<\/li>\n<li class=\"p3\"><strong>Hauteur :<\/strong> 200 cm<\/li>\n<li class=\"p3\"><strong>Poids :<\/strong> 34 kg<\/li>\n<li class=\"p3\"><strong>Largeur de la bande de bande de bande :<\/strong> 14 cm<\/li>\n<li class=\"p3\"><strong>Construction :<\/strong> Aluminium (ALU)<\/li>\n<li class=\"p3\"><strong>Mat\u00e9riel d\u2019impression :<\/strong> Textiles<\/li>\n<li class=\"p3\"><strong>Technique d\u2019impression :<\/strong> Impression par sublimation<\/li>\n<li class=\"p3\"><strong>\u00c9clairage :<\/strong> \u00c9clairage de bord (LED ou LED Power)<\/li>\n<li class=\"p3\"><strong>Options d\u2019\u00e9clairage :<\/strong> Gauche-Droite | De haut en bas | 4 Faces<\/li>\n<li class=\"p3\"><strong>Type d\u2019impression :<\/strong> Double face<\/li>\n<li class=\"p3\"><strong>Syst\u00e8me :<\/strong> Syst\u00e8me de bord en silicium (SEG)<\/li>\n<li class=\"p3\"><strong>Installation :<\/strong> Assemblage avec cl\u00e9 Allen<\/li>\n<\/ul>\n","protected":false},"excerpt":{"rendered":"<p class=\"p1\">Le cadre LED portable \u2013 150 \u00d7 200 cm est un cadre LED LED double face avec profil aluminium de 14 cm et imprim\u00e9s textiles SEG interchangeables. Disponible avec LED standard ou LED \u00e9lectrique et diff\u00e9rentes configurations lumineuses pour une pr\u00e9sentation puissante et professionnelle. <\/p>\n","protected":false},"featured_media":27511,"comment_status":"open","ping_status":"closed","template":"","meta":{"_acf_changed":false,"site-sidebar-layout":"default","site-content-layout":"","ast-site-content-layout":"default","site-content-style":"default","site-sidebar-style":"default","ast-global-header-display":"","ast-banner-title-visibility":"","ast-main-header-display":"","ast-hfb-above-header-display":"","ast-hfb-below-header-display":"","ast-hfb-mobile-header-display":"","site-post-title":"","ast-breadcrumbs-content":"","ast-featured-img":"","footer-sml-layout":"","ast-disable-related-posts":"","theme-transparent-header-meta":"default","adv-header-id-meta":"","stick-header-meta":"default","header-above-stick-meta":"","header-main-stick-meta":"","header-below-stick-meta":"","astra-migrate-meta-layouts":"default","ast-page-background-enabled":"default","ast-page-background-meta":{"desktop":{"background-color":"","background-image":"","background-repeat":"repeat","background-position":"center center","background-size":"auto","background-attachment":"scroll","background-type":"","background-media":"","overlay-type":"","overlay-color":"","overlay-opacity":"","overlay-gradient":""},"tablet":{"background-color":"","background-image":"","background-repeat":"repeat","background-position":"center center","background-size":"auto","background-attachment":"scroll","background-type":"","background-media":"","overlay-type":"","overlay-color":"","overlay-opacity":"","overlay-gradient":""},"mobile":{"background-color":"","background-image":"","background-repeat":"repeat","background-position":"center center","background-size":"auto","background-attachment":"scroll","background-type":"","background-media":"","overlay-type":"","overlay-color":"","overlay-opacity":"","overlay-gradient":""}},"ast-content-background-meta":{"desktop":{"background-color":"var(--ast-global-color-5)","background-image":"","background-repeat":"repeat","background-position":"center center","background-size":"auto","background-attachment":"scroll","background-type":"","background-media":"","overlay-type":"","overlay-color":"","overlay-opacity":"","overlay-gradient":""},"tablet":{"background-color":"var(--ast-global-color-5)","background-image":"","background-repeat":"repeat","background-position":"center center","background-size":"auto","background-attachment":"scroll","background-type":"","background-media":"","overlay-type":"","overlay-color":"","overlay-opacity":"","overlay-gradient":""},"mobile":{"background-color":"var(--ast-global-color-5)","background-image":"","background-repeat":"repeat","background-position":"center center","background-size":"auto","background-attachment":"scroll","background-type":"","background-media":"","overlay-type":"","overlay-color":"","overlay-opacity":"","overlay-gradient":""}}},"afmeting":[751],"breedte":[],"design-oppervlakte":[],"design-opstelling":[],"design-optie":[752],"diepte":[],"oppervlakte":[],"opstelling":[],"optie":[],"pijler":[839],"product_brand":[],"product_cat":[725],"product_tag":[],"class_list":["post-27509","product","type-product","status-publish","has-post-thumbnail","afmeting-150-x-200-cm","design-optie-lmd-modulaire","pijler-portable-led-frames","product_cat-non-categorisee","desktop-align-left","tablet-align-left","mobile-align-left","first","instock","shipping-taxable","product-type-variable","has-default-attributes"],"acf":[],"_links":{"self":[{"href":"https:\/\/beurswand.nl\/fr\/wp-json\/wp\/v2\/product\/27509","targetHints":{"allow":["GET"]}}],"collection":[{"href":"https:\/\/beurswand.nl\/fr\/wp-json\/wp\/v2\/product"}],"about":[{"href":"https:\/\/beurswand.nl\/fr\/wp-json\/wp\/v2\/types\/product"}],"replies":[{"embeddable":true,"href":"https:\/\/beurswand.nl\/fr\/wp-json\/wp\/v2\/comments?post=27509"}],"version-history":[{"count":0,"href":"https:\/\/beurswand.nl\/fr\/wp-json\/wp\/v2\/product\/27509\/revisions"}],"wp:featuredmedia":[{"embeddable":true,"href":"https:\/\/beurswand.nl\/fr\/wp-json\/wp\/v2\/media\/27511"}],"wp:attachment":[{"href":"https:\/\/beurswand.nl\/fr\/wp-json\/wp\/v2\/media?parent=27509"}],"wp:term":[{"taxonomy":"afmeting","embeddable":true,"href":"https:\/\/beurswand.nl\/fr\/wp-json\/wp\/v2\/afmeting?post=27509"},{"taxonomy":"breedte","embeddable":true,"href":"https:\/\/beurswand.nl\/fr\/wp-json\/wp\/v2\/breedte?post=27509"},{"taxonomy":"design-oppervlakte","embeddable":true,"href":"https:\/\/beurswand.nl\/fr\/wp-json\/wp\/v2\/design-oppervlakte?post=27509"},{"taxonomy":"design-opstelling","embeddable":true,"href":"https:\/\/beurswand.nl\/fr\/wp-json\/wp\/v2\/design-opstelling?post=27509"},{"taxonomy":"design-optie","embeddable":true,"href":"https:\/\/beurswand.nl\/fr\/wp-json\/wp\/v2\/design-optie?post=27509"},{"taxonomy":"diepte","embeddable":true,"href":"https:\/\/beurswand.nl\/fr\/wp-json\/wp\/v2\/diepte?post=27509"},{"taxonomy":"oppervlakte","embeddable":true,"href":"https:\/\/beurswand.nl\/fr\/wp-json\/wp\/v2\/oppervlakte?post=27509"},{"taxonomy":"opstelling","embeddable":true,"href":"https:\/\/beurswand.nl\/fr\/wp-json\/wp\/v2\/opstelling?post=27509"},{"taxonomy":"optie","embeddable":true,"href":"https:\/\/beurswand.nl\/fr\/wp-json\/wp\/v2\/optie?post=27509"},{"taxonomy":"pijler","embeddable":true,"href":"https:\/\/beurswand.nl\/fr\/wp-json\/wp\/v2\/pijler?post=27509"},{"taxonomy":"product_brand","embeddable":true,"href":"https:\/\/beurswand.nl\/fr\/wp-json\/wp\/v2\/product_brand?post=27509"},{"taxonomy":"product_cat","embeddable":true,"href":"https:\/\/beurswand.nl\/fr\/wp-json\/wp\/v2\/product_cat?post=27509"},{"taxonomy":"product_tag","embeddable":true,"href":"https:\/\/beurswand.nl\/fr\/wp-json\/wp\/v2\/product_tag?post=27509"}],"curies":[{"name":"wp","href":"https:\/\/api.w.org\/{rel}","templated":true}]}}