{"id":27546,"date":"2026-02-10T14:02:22","date_gmt":"2026-02-10T14:02:22","guid":{"rendered":"https:\/\/beurswand.nl\/product\/cadre-led-portable-200-x-250-cm\/"},"modified":"2026-02-10T14:02:22","modified_gmt":"2026-02-10T14:02:22","slug":"cadre-led-portable-200-x-250-cm","status":"publish","type":"product","link":"https:\/\/beurswand.nl\/fr\/product\/cadre-led-portable-200-x-250-cm\/","title":{"rendered":"Cadre LED portable - 200 x 250 cm"},"content":{"rendered":"<p class=\"p3\">Le cadre LED portable \u2013 200 \u00d7 250 cm est un cadre LED extra haut et large avec un \u00e9clairage double face et un profil robuste en aluminium de 14 cm. Avec une largeur de 200 cm et une hauteur de 250 cm, vous pouvez cr\u00e9er une surface de pr\u00e9sentation impressionnante offrant une visibilit\u00e9 maximale lors des salons professionnels, des showrooms ou lors d\u2019\u00e9v\u00e9nements professionnels. Gr\u00e2ce \u00e0 l\u2019\u00e9clairage des bords et aux imprim\u00e9s textiles SEG interchangeables, vous pouvez pr\u00e9senter votre marque de mani\u00e8re claire et professionnelle des deux c\u00f4t\u00e9s.  <\/p>\n<hr>\n<h3><b>Pourquoi choisir le cadre LED portable 200 \u00d7 250 cm ?<\/b><\/h3>\n<h4><b>Grande taille pour un impact maximal<\/b><\/h4>\n<p class=\"p3\">Avec une hauteur de 250 cm et une large large de 200 cm, ce mod\u00e8le est id\u00e9al pour des pr\u00e9sentations de marques puissantes. Cette surface suppl\u00e9mentaire offre de l\u2019espace pour de grands visuels, des images grandeur nature ou un branding accrocheur visible de loin. <\/p>\n<h4><b>Choix du type de LED et de la configuration de l\u2019\u00e9clairage<\/b><\/h4>\n<p class=\"p3\">Vous pouvez choisir entre une LED standard ou une LED de puissance pour une intensit\u00e9 lumineuse plus \u00e9lev\u00e9e. De plus, vous d\u00e9terminez vous-m\u00eame la distribution de la lumi\u00e8re : gauche et droite, en haut et en bas ou tout autour sur quatre c\u00f4t\u00e9s. Ainsi, l\u2019\u00e9clairage s\u2019accorde parfaitement avec votre emplacement et votre application.  <\/p>\n<h4><b>Imprim\u00e9s textiles double face et interchangeables<\/b><\/h4>\n<p class=\"p3\">Les estampes sont fabriqu\u00e9es sur des textiles de haute qualit\u00e9 et tendues fermement dans le cadre via le Silicon Edge System (SEG). Gr\u00e2ce \u00e0 la technologie d\u2019impression par sublimation, vous pouvez profiter de couleurs profondes et de d\u00e9tails d\u2019une nettet\u00e9 de rasoir. Avec une nouvelle campagne, vous remplacez simplement les empreintes, tout en conservant la construction.  <\/p>\n<h4><b>Construction en aluminium durable<\/b><\/h4>\n<p class=\"p3\">Le cadre est en aluminium robuste et est mont\u00e9 avec une cl\u00e9 Allen. Le profil de 14 cm offre stabilit\u00e9 et une apparence de haute qualit\u00e9, m\u00eame avec cette version plus grande de 200 \u00d7 250 cm. <\/p>\n<hr>\n<h3><b>Applications<\/b><\/h3>\n<p class=\"p3\">Le cadre LED portable 200 \u00d7 250 cm est id\u00e9al comme mur arri\u00e8re d\u2019exposition, mur de pr\u00e9sentation ou comme exposition autonome saisissante dans les salles d\u2019exposition et les espaces de r\u00e9ception. Gr\u00e2ce \u00e0 son design double face, le mod\u00e8le est particuli\u00e8rement efficace dans les salons d\u2019exposition ouverts et les environnements \u00e0 fort trafic. <\/p>\n<hr>\n<h3><b>Sp\u00e9cifications techniques<\/b><\/h3>\n<ul>\n<li class=\"p3\"><strong>Largeur :<\/strong> 200 cm<\/li>\n<li class=\"p3\"><strong>Hauteur :<\/strong> 250 cm<\/li>\n<li class=\"p3\"><strong>Poids :<\/strong> 42,5 kg<\/li>\n<li class=\"p3\"><strong>Largeur de la bande de bande de bande :<\/strong> 14 cm<\/li>\n<li class=\"p3\"><strong>Construction :<\/strong> Aluminium (ALU)<\/li>\n<li class=\"p3\"><strong>Mat\u00e9riel d\u2019impression :<\/strong> Textiles<\/li>\n<li class=\"p3\"><strong>Technique d\u2019impression :<\/strong> Impression par sublimation<\/li>\n<li class=\"p3\"><strong>\u00c9clairage :<\/strong> \u00c9clairage de bord (LED ou LED Power)<\/li>\n<li class=\"p3\"><strong>Options d\u2019\u00e9clairage :<\/strong> Gauche-Droite | De haut en bas | 4 Faces<\/li>\n<li class=\"p3\"><strong>Type d\u2019impression :<\/strong> Double face<\/li>\n<li class=\"p3\"><strong>Syst\u00e8me :<\/strong> Syst\u00e8me de bord en silicium (SEG)<\/li>\n<li class=\"p3\"><strong>Installation :<\/strong> Assemblage avec cl\u00e9 Allen<\/li>\n<\/ul>\n","protected":false},"excerpt":{"rendered":"<p class=\"p1\">Le cadre LED portable \u2013 200 \u00d7 250 cm est un cadre LED extra-haut \u00e0 double face avec un profil aluminium de 14 cm et des imprim\u00e9s textiles SEG interchangeables. Disponible avec LED standard ou LED \u00e9lectrique et plusieurs configurations lumineuses pour une visibilit\u00e9 maximale et une pr\u00e9sentation professionnelle de la marque. <\/p>\n","protected":false},"featured_media":27548,"comment_status":"open","ping_status":"closed","template":"","meta":{"_acf_changed":false,"site-sidebar-layout":"default","site-content-layout":"","ast-site-content-layout":"default","site-content-style":"default","site-sidebar-style":"default","ast-global-header-display":"","ast-banner-title-visibility":"","ast-main-header-display":"","ast-hfb-above-header-display":"","ast-hfb-below-header-display":"","ast-hfb-mobile-header-display":"","site-post-title":"","ast-breadcrumbs-content":"","ast-featured-img":"","footer-sml-layout":"","ast-disable-related-posts":"","theme-transparent-header-meta":"default","adv-header-id-meta":"","stick-header-meta":"default","header-above-stick-meta":"","header-main-stick-meta":"","header-below-stick-meta":"","astra-migrate-meta-layouts":"default","ast-page-background-enabled":"default","ast-page-background-meta":{"desktop":{"background-color":"","background-image":"","background-repeat":"repeat","background-position":"center center","background-size":"auto","background-attachment":"scroll","background-type":"","background-media":"","overlay-type":"","overlay-color":"","overlay-opacity":"","overlay-gradient":""},"tablet":{"background-color":"","background-image":"","background-repeat":"repeat","background-position":"center center","background-size":"auto","background-attachment":"scroll","background-type":"","background-media":"","overlay-type":"","overlay-color":"","overlay-opacity":"","overlay-gradient":""},"mobile":{"background-color":"","background-image":"","background-repeat":"repeat","background-position":"center center","background-size":"auto","background-attachment":"scroll","background-type":"","background-media":"","overlay-type":"","overlay-color":"","overlay-opacity":"","overlay-gradient":""}},"ast-content-background-meta":{"desktop":{"background-color":"var(--ast-global-color-5)","background-image":"","background-repeat":"repeat","background-position":"center center","background-size":"auto","background-attachment":"scroll","background-type":"","background-media":"","overlay-type":"","overlay-color":"","overlay-opacity":"","overlay-gradient":""},"tablet":{"background-color":"var(--ast-global-color-5)","background-image":"","background-repeat":"repeat","background-position":"center center","background-size":"auto","background-attachment":"scroll","background-type":"","background-media":"","overlay-type":"","overlay-color":"","overlay-opacity":"","overlay-gradient":""},"mobile":{"background-color":"var(--ast-global-color-5)","background-image":"","background-repeat":"repeat","background-position":"center center","background-size":"auto","background-attachment":"scroll","background-type":"","background-media":"","overlay-type":"","overlay-color":"","overlay-opacity":"","overlay-gradient":""}}},"afmeting":[765],"breedte":[],"design-oppervlakte":[],"design-opstelling":[],"design-optie":[752],"diepte":[],"oppervlakte":[],"opstelling":[],"optie":[],"pijler":[839],"product_brand":[],"product_cat":[725],"product_tag":[],"class_list":["post-27546","product","type-product","status-publish","has-post-thumbnail","afmeting-200-x-250-cm","design-optie-lmd-modulaire","pijler-portable-led-frames","product_cat-non-categorisee","desktop-align-left","tablet-align-left","mobile-align-left","first","instock","shipping-taxable","product-type-variable","has-default-attributes"],"acf":[],"_links":{"self":[{"href":"https:\/\/beurswand.nl\/fr\/wp-json\/wp\/v2\/product\/27546","targetHints":{"allow":["GET"]}}],"collection":[{"href":"https:\/\/beurswand.nl\/fr\/wp-json\/wp\/v2\/product"}],"about":[{"href":"https:\/\/beurswand.nl\/fr\/wp-json\/wp\/v2\/types\/product"}],"replies":[{"embeddable":true,"href":"https:\/\/beurswand.nl\/fr\/wp-json\/wp\/v2\/comments?post=27546"}],"version-history":[{"count":0,"href":"https:\/\/beurswand.nl\/fr\/wp-json\/wp\/v2\/product\/27546\/revisions"}],"wp:featuredmedia":[{"embeddable":true,"href":"https:\/\/beurswand.nl\/fr\/wp-json\/wp\/v2\/media\/27548"}],"wp:attachment":[{"href":"https:\/\/beurswand.nl\/fr\/wp-json\/wp\/v2\/media?parent=27546"}],"wp:term":[{"taxonomy":"afmeting","embeddable":true,"href":"https:\/\/beurswand.nl\/fr\/wp-json\/wp\/v2\/afmeting?post=27546"},{"taxonomy":"breedte","embeddable":true,"href":"https:\/\/beurswand.nl\/fr\/wp-json\/wp\/v2\/breedte?post=27546"},{"taxonomy":"design-oppervlakte","embeddable":true,"href":"https:\/\/beurswand.nl\/fr\/wp-json\/wp\/v2\/design-oppervlakte?post=27546"},{"taxonomy":"design-opstelling","embeddable":true,"href":"https:\/\/beurswand.nl\/fr\/wp-json\/wp\/v2\/design-opstelling?post=27546"},{"taxonomy":"design-optie","embeddable":true,"href":"https:\/\/beurswand.nl\/fr\/wp-json\/wp\/v2\/design-optie?post=27546"},{"taxonomy":"diepte","embeddable":true,"href":"https:\/\/beurswand.nl\/fr\/wp-json\/wp\/v2\/diepte?post=27546"},{"taxonomy":"oppervlakte","embeddable":true,"href":"https:\/\/beurswand.nl\/fr\/wp-json\/wp\/v2\/oppervlakte?post=27546"},{"taxonomy":"opstelling","embeddable":true,"href":"https:\/\/beurswand.nl\/fr\/wp-json\/wp\/v2\/opstelling?post=27546"},{"taxonomy":"optie","embeddable":true,"href":"https:\/\/beurswand.nl\/fr\/wp-json\/wp\/v2\/optie?post=27546"},{"taxonomy":"pijler","embeddable":true,"href":"https:\/\/beurswand.nl\/fr\/wp-json\/wp\/v2\/pijler?post=27546"},{"taxonomy":"product_brand","embeddable":true,"href":"https:\/\/beurswand.nl\/fr\/wp-json\/wp\/v2\/product_brand?post=27546"},{"taxonomy":"product_cat","embeddable":true,"href":"https:\/\/beurswand.nl\/fr\/wp-json\/wp\/v2\/product_cat?post=27546"},{"taxonomy":"product_tag","embeddable":true,"href":"https:\/\/beurswand.nl\/fr\/wp-json\/wp\/v2\/product_tag?post=27546"}],"curies":[{"name":"wp","href":"https:\/\/api.w.org\/{rel}","templated":true}]}}