{"id":27597,"date":"2026-02-10T14:31:27","date_gmt":"2026-02-10T14:31:27","guid":{"rendered":"https:\/\/beurswand.nl\/product\/cadre-led-portable-500-x-250-cm\/"},"modified":"2026-02-10T14:31:27","modified_gmt":"2026-02-10T14:31:27","slug":"cadre-led-portable-500-x-250-cm","status":"publish","type":"product","link":"https:\/\/beurswand.nl\/fr\/product\/cadre-led-portable-500-x-250-cm\/","title":{"rendered":"Cadre LED portable - 500 x 250 cm"},"content":{"rendered":"<p class=\"p3\">Le cadre LED portable \u2013 500 \u00d7 250 cm est un cadre LED double face lumineux avec un profil aluminium de 14 cm. Avec une largeur de 500 cm et une hauteur de 250 cm, ce mod\u00e8le offre un espace de pr\u00e9sentation g\u00e9n\u00e9reux pour les foires commerciales, les showrooms et les pr\u00e9sentations de grandes marques. Gr\u00e2ce \u00e0 l\u2019\u00e9clairage des bords et aux imprim\u00e9s textiles SEG interchangeables, vous pouvez pr\u00e9senter votre message de mani\u00e8re vive et uniforme des deux c\u00f4t\u00e9s.  <\/p>\n<hr>\n<h3><b>Pourquoi choisir le cadre LED portable 500 \u00d7 250 cm ?<\/b><\/h3>\n<h4><b>Une taille spacieuse pour une exp\u00e9rience de marque puissante<\/b><\/h4>\n<p class=\"p3\">Avec une largeur de 500 cm et une hauteur de 250 cm, vous disposez d\u2019une grande surface pour des visuels impressionnants et une communication claire. Ce format convient comme mur d\u2019exposition central ou dans le cadre d\u2019un vaste stand de stand. <\/p>\n<h4><b>Choix du type de LED et de la configuration de l\u2019\u00e9clairage<\/b><\/h4>\n<p class=\"p3\">Vous pouvez choisir entre une LED standard ou une LED de puissance pour une intensit\u00e9 lumineuse plus \u00e9lev\u00e9e. De plus, vous d\u00e9terminez vous-m\u00eame la distribution de la lumi\u00e8re : gauche et droite, en haut et en bas ou tout autour sur quatre c\u00f4t\u00e9s. Ainsi, l\u2019\u00e9clairage est adapt\u00e9 \u00e0 votre application et \u00e0 l\u2019apparence souhait\u00e9e.  <\/p>\n<h4><b>Imprim\u00e9s textiles double face et interchangeables<\/b><\/h4>\n<p class=\"p3\">Les imprim\u00e9s sont r\u00e9alis\u00e9s sur des textiles de haute qualit\u00e9 et tendus fermement dans le cadre via le Silicon Edge System (SEG). Gr\u00e2ce \u00e0 la technologie d\u2019impression par sublimation, vous b\u00e9n\u00e9ficiez de couleurs profondes et de d\u00e9tails nets. Avec une nouvelle campagne, il suffit de remplacer les empreintes tout en gardant le cadre.  <\/p>\n<h4><b>Construction en aluminium robuste<\/b><\/h4>\n<p class=\"p3\">Le cadre est en aluminium durable et est mont\u00e9 avec une touche Allen. Le profil de 14 cm assure stabilit\u00e9 et une apparence de haute qualit\u00e9, m\u00eame avec ce format plus grand au sein de la s\u00e9rie LMD. <\/p>\n<hr>\n<h3><b>Applications<\/b><\/h3>\n<p class=\"p3\">Le cadre LED portable 500 \u00d7 250 cm est id\u00e9al comme mur arri\u00e8re d\u2019exposition, mur de pr\u00e9sentation ou exposition ind\u00e9pendante dans des espaces spacieux d\u2019exposition et de showroom. Gr\u00e2ce \u00e0 la conception \u00e0 double face, le mod\u00e8le est efficace dans les espaces ouverts o\u00f9 la visibilit\u00e9 depuis plusieurs directions est souhait\u00e9e. <\/p>\n<hr>\n<h3><b>Sp\u00e9cifications techniques<\/b><\/h3>\n<ul>\n<li class=\"p3\"><strong>Largeur :<\/strong> 500 cm<\/li>\n<li class=\"p3\"><strong>Hauteur :<\/strong> 250 cm<\/li>\n<li class=\"p3\"><strong>Poids :<\/strong> 76 kg<\/li>\n<li class=\"p3\"><strong>Largeur de la bande de bande de bande :<\/strong> 14 cm<\/li>\n<li class=\"p3\"><strong>Construction :<\/strong> Aluminium (ALU)<\/li>\n<li class=\"p3\"><strong>Mat\u00e9riel d\u2019impression :<\/strong> Textiles<\/li>\n<li class=\"p3\"><strong>Technique d\u2019impression :<\/strong> Impression par sublimation<\/li>\n<li class=\"p3\"><strong>\u00c9clairage :<\/strong> \u00c9clairage de bord (LED ou LED Power)<\/li>\n<li class=\"p3\"><strong>Options d\u2019\u00e9clairage :<\/strong> Gauche-Droite | De haut en bas | 4 Faces<\/li>\n<li class=\"p3\"><strong>Type d\u2019impression :<\/strong> Double face<\/li>\n<li class=\"p3\"><strong>Syst\u00e8me :<\/strong> Syst\u00e8me de bord en silicium (SEG)<\/li>\n<li class=\"p3\"><strong>Installation :<\/strong> Assemblage avec cl\u00e9 Allen<\/li>\n<\/ul>\n","protected":false},"excerpt":{"rendered":"<p class=\"p1\">Le cadre LED portable \u2013 500 \u00d7 250 cm est un cadre LED double face avec profil aluminium de 14 cm et imprim\u00e9s textiles SEG interchangeables. Disponible avec LED standard ou LED Power et plusieurs configurations d\u2019\u00e9clairage pour des pr\u00e9sentations professionnelles et de grandes marques. <\/p>\n","protected":false},"featured_media":27598,"comment_status":"open","ping_status":"closed","template":"","meta":{"_acf_changed":false,"site-sidebar-layout":"default","site-content-layout":"","ast-site-content-layout":"default","site-content-style":"default","site-sidebar-style":"default","ast-global-header-display":"","ast-banner-title-visibility":"","ast-main-header-display":"","ast-hfb-above-header-display":"","ast-hfb-below-header-display":"","ast-hfb-mobile-header-display":"","site-post-title":"","ast-breadcrumbs-content":"","ast-featured-img":"","footer-sml-layout":"","ast-disable-related-posts":"","theme-transparent-header-meta":"default","adv-header-id-meta":"","stick-header-meta":"default","header-above-stick-meta":"","header-main-stick-meta":"","header-below-stick-meta":"","astra-migrate-meta-layouts":"default","ast-page-background-enabled":"default","ast-page-background-meta":{"desktop":{"background-color":"","background-image":"","background-repeat":"repeat","background-position":"center center","background-size":"auto","background-attachment":"scroll","background-type":"","background-media":"","overlay-type":"","overlay-color":"","overlay-opacity":"","overlay-gradient":""},"tablet":{"background-color":"","background-image":"","background-repeat":"repeat","background-position":"center center","background-size":"auto","background-attachment":"scroll","background-type":"","background-media":"","overlay-type":"","overlay-color":"","overlay-opacity":"","overlay-gradient":""},"mobile":{"background-color":"","background-image":"","background-repeat":"repeat","background-position":"center center","background-size":"auto","background-attachment":"scroll","background-type":"","background-media":"","overlay-type":"","overlay-color":"","overlay-opacity":"","overlay-gradient":""}},"ast-content-background-meta":{"desktop":{"background-color":"var(--ast-global-color-5)","background-image":"","background-repeat":"repeat","background-position":"center center","background-size":"auto","background-attachment":"scroll","background-type":"","background-media":"","overlay-type":"","overlay-color":"","overlay-opacity":"","overlay-gradient":""},"tablet":{"background-color":"var(--ast-global-color-5)","background-image":"","background-repeat":"repeat","background-position":"center center","background-size":"auto","background-attachment":"scroll","background-type":"","background-media":"","overlay-type":"","overlay-color":"","overlay-opacity":"","overlay-gradient":""},"mobile":{"background-color":"var(--ast-global-color-5)","background-image":"","background-repeat":"repeat","background-position":"center center","background-size":"auto","background-attachment":"scroll","background-type":"","background-media":"","overlay-type":"","overlay-color":"","overlay-opacity":"","overlay-gradient":""}}},"afmeting":[792],"breedte":[],"design-oppervlakte":[],"design-opstelling":[],"design-optie":[752],"diepte":[],"oppervlakte":[],"opstelling":[],"optie":[],"pijler":[839],"product_brand":[],"product_cat":[725],"product_tag":[],"class_list":["post-27597","product","type-product","status-publish","has-post-thumbnail","afmeting-500-x-250-cm","design-optie-lmd-modulaire","pijler-portable-led-frames","product_cat-non-categorisee","desktop-align-left","tablet-align-left","mobile-align-left","first","instock","shipping-taxable","product-type-variable","has-default-attributes"],"acf":[],"_links":{"self":[{"href":"https:\/\/beurswand.nl\/fr\/wp-json\/wp\/v2\/product\/27597","targetHints":{"allow":["GET"]}}],"collection":[{"href":"https:\/\/beurswand.nl\/fr\/wp-json\/wp\/v2\/product"}],"about":[{"href":"https:\/\/beurswand.nl\/fr\/wp-json\/wp\/v2\/types\/product"}],"replies":[{"embeddable":true,"href":"https:\/\/beurswand.nl\/fr\/wp-json\/wp\/v2\/comments?post=27597"}],"version-history":[{"count":0,"href":"https:\/\/beurswand.nl\/fr\/wp-json\/wp\/v2\/product\/27597\/revisions"}],"wp:featuredmedia":[{"embeddable":true,"href":"https:\/\/beurswand.nl\/fr\/wp-json\/wp\/v2\/media\/27598"}],"wp:attachment":[{"href":"https:\/\/beurswand.nl\/fr\/wp-json\/wp\/v2\/media?parent=27597"}],"wp:term":[{"taxonomy":"afmeting","embeddable":true,"href":"https:\/\/beurswand.nl\/fr\/wp-json\/wp\/v2\/afmeting?post=27597"},{"taxonomy":"breedte","embeddable":true,"href":"https:\/\/beurswand.nl\/fr\/wp-json\/wp\/v2\/breedte?post=27597"},{"taxonomy":"design-oppervlakte","embeddable":true,"href":"https:\/\/beurswand.nl\/fr\/wp-json\/wp\/v2\/design-oppervlakte?post=27597"},{"taxonomy":"design-opstelling","embeddable":true,"href":"https:\/\/beurswand.nl\/fr\/wp-json\/wp\/v2\/design-opstelling?post=27597"},{"taxonomy":"design-optie","embeddable":true,"href":"https:\/\/beurswand.nl\/fr\/wp-json\/wp\/v2\/design-optie?post=27597"},{"taxonomy":"diepte","embeddable":true,"href":"https:\/\/beurswand.nl\/fr\/wp-json\/wp\/v2\/diepte?post=27597"},{"taxonomy":"oppervlakte","embeddable":true,"href":"https:\/\/beurswand.nl\/fr\/wp-json\/wp\/v2\/oppervlakte?post=27597"},{"taxonomy":"opstelling","embeddable":true,"href":"https:\/\/beurswand.nl\/fr\/wp-json\/wp\/v2\/opstelling?post=27597"},{"taxonomy":"optie","embeddable":true,"href":"https:\/\/beurswand.nl\/fr\/wp-json\/wp\/v2\/optie?post=27597"},{"taxonomy":"pijler","embeddable":true,"href":"https:\/\/beurswand.nl\/fr\/wp-json\/wp\/v2\/pijler?post=27597"},{"taxonomy":"product_brand","embeddable":true,"href":"https:\/\/beurswand.nl\/fr\/wp-json\/wp\/v2\/product_brand?post=27597"},{"taxonomy":"product_cat","embeddable":true,"href":"https:\/\/beurswand.nl\/fr\/wp-json\/wp\/v2\/product_cat?post=27597"},{"taxonomy":"product_tag","embeddable":true,"href":"https:\/\/beurswand.nl\/fr\/wp-json\/wp\/v2\/product_tag?post=27597"}],"curies":[{"name":"wp","href":"https:\/\/api.w.org\/{rel}","templated":true}]}}